{"id":2596,"date":"2021-06-28T14:21:46","date_gmt":"2021-06-28T12:21:46","guid":{"rendered":"https:\/\/formation.sesan.fr\/terr-esante\/?page_id=2596"},"modified":"2022-08-29T14:17:09","modified_gmt":"2022-08-29T12:17:09","slug":"terr-esante-module-a-destination-des-dac","status":"publish","type":"page","link":"https:\/\/formation.sesan.fr\/terr-esante\/terr-esante-module-a-destination-des-dac\/","title":{"rendered":"Terr-eSant\u00e9 &#8211; Module \u00e0 destination des DAC"},"content":{"rendered":"<ol>\n<li>Sommaire :<\/li>\n<\/ol>\n<ul>\n<li><a href=\"https:\/\/formation.sesan.fr\/terr-esante\/terr-esante-decouverte-de-la-solution\/\" target=\"_blank\" rel=\"noopener\"><u>Pr\u00e9sentation de la plateforme r\u00e9gionale de coordination Terr-eSant\u00e9<\/u><\/a><\/li>\n<\/ul>\n<p>Ce lien vous conduira vers le module d\u00e9couverte qui vous pr\u00e9sentera la Solution Terr-eSant\u00e9 et vous permettra de la prendre en main si vous ne la ma\u00eetrisez pas encore.<\/p>\n<p>&nbsp;<\/p>\n<h3>Partie A\/ G\u00e9rer les demandes et la file active des patients suivis<\/h3>\n<ul>\n<li><a href=\"#demande\"><u>Cr\u00e9er une demande et la retrouver dans mon tableau de bord (menu structure d&rsquo;appui) <\/u><\/a><\/li>\n<li><a href=\"#associer\"><u>Associer un dossier patient \u00e0 une demande<\/u><\/a><\/li>\n<li><a href=\"#prise-en-charge\"><u>Indiquer que le patient est pris en charge par mon DAC<\/u><\/a><\/li>\n<li><a href=\"#inscription\"><u> Inscrire le patient au parcours \u00ab appui \u00e0 la prise en charge coordonn\u00e9e \u00bb<\/u><\/a><\/li>\n<\/ul>\n<h3><\/h3>\n<h3>Partie B\/ D\u00e9couvrir les fonctionnalit\u00e9s de l\u2019onglet PARCOURS<\/h3>\n<ul>\n<li><a href=\"#notes\"><u>Ajout et niveaux de confidentialit\u00e9 des notes<\/u><\/a><\/li>\n<li><a href=\"#CoC\"><u>Le cercle de soins et ses diff\u00e9rents intervenants <\/u><\/a><\/li>\n<li><a href=\"#juridique\"><u>Compl\u00e9ter les informations de protection administrative et de protection juridique<\/u><\/a><\/li>\n<li><a href=\"#social\"><u>Compl\u00e9ter le formulaire de situation sociale <\/u><\/a><\/li>\n<li><a href=\"#constantes\"><u>Saisir des constantes, des pathologies, allergies et ant\u00e9c\u00e9dents dans Terr-eSant\u00e9<\/u><\/a><\/li>\n<li><a href=\"#objectifs\"><u>Saisir les objectifs et les souhaits du patient<\/u><\/a><\/li>\n<\/ul>\n<h3>Partie C\/ Recueil d\u2019information et PPS dynamique<\/h3>\n<ul>\n<li><a href=\"#recueil\"><u>Le recueil d\u2019information : espace r\u00e9serv\u00e9 aux DAC<\/u><\/a><\/li>\n<li><a href=\"#champs\"><u>Compl\u00e9ter les champs du recueil d\u2019information<\/u><\/a><\/li>\n<li><a href=\"#problemes\"><u>Plan d\u2019aide &amp; plan de soins \u2013 la saisie des probl\u00e8mes<\/u><\/a><\/li>\n<li><a href=\"#actions\"><u>Plan d\u2019aide &amp; plan de soins \u2013 la saisie des actions<\/u><\/a><\/li>\n<li><a href=\"#lier\"><u>Plan d\u2019aide &amp; plan de soins \u2013 lier probl\u00e8mes &amp; actions<\/u><\/a><\/li>\n<li><a href=\"#publication\"><u>Publier le Plan Personnalis\u00e9 de Sant\u00e9<\/u><\/a><\/li>\n<\/ul>\n<h3><\/h3>\n<h3>Autres ressources de formation :<\/h3>\n<ul>\n<li><a href=\"#doc-DAC\"><u>Documentation \u00e0 destination des DAC<\/u><\/a><\/li>\n<\/ul>\n<p>Versions enregistr\u00e9es Avril 2021<\/p>\n<p><span style=\"float: none; background-color: #ffffff; color: #000000; cursor: text; font-family: 'Open Sans',sans-serif; font-size: 14px; font-style: normal; font-variant: normal; font-weight: 400; letter-spacing: normal; text-align: left; text-decoration: none; text-indent: 0px; text-transform: none;\">Pour toute interrogation n&rsquo;h\u00e9sitez pas \u00e0 consulter notre <\/span><a href=\"https:\/\/formation.sesan.fr\/terr-esante\/faq\/\">FAQ<\/a><span style=\"float: none; background-color: #ffffff; color: #000000; cursor: text; font-family: 'Open Sans',sans-serif; font-size: 14px; font-style: normal; font-variant: normal; font-weight: 400; letter-spacing: normal; text-align: left; text-decoration: none; text-indent: 0px; text-transform: none;\"> ou \u00e0 prendre contact avec notre <\/span><a href=\"https:\/\/formation.sesan.fr\/terr-esante\/#contact\">service support<\/a><span style=\"float: none; background-color: #ffffff; color: #000000; cursor: text; font-family: 'Open Sans',sans-serif; font-size: 14px; font-style: normal; font-variant: normal; font-weight: 400; letter-spacing: normal; text-align: left; text-decoration: none; text-indent: 0px; text-transform: none;\">.<\/span><\/p>\n<p>&nbsp;<\/p>\n<ol>\n<li>\n<h4>Afin d&rsquo;aborder sereinement le module sp\u00e9cifiquement con\u00e7u pour les Dispositifs d&rsquo;Appui \u00e0 la Coordination, nous vous proposons de voir ou revoir les objectifs et usages de base de Terr-eSant\u00e9 \u00e0 travers son module d\u00e9couverte disponible ci-dessous.<\/h4>\n<\/li>\n<\/ol>\n<div style=\"width: 1920px;\" class=\"wp-video\"><!--[if lt IE 9]><script>document.createElement('video');<\/script><![endif]-->\n<video class=\"wp-video-shortcode\" id=\"video-2596-1\" width=\"1920\" height=\"1080\" poster=\"https:\/\/formation.sesan.fr\/terr-esante\/wp-content\/uploads\/sites\/3\/2020\/12\/00-INTRO-Terr-eSante-2.png\" preload=\"metadata\" controls=\"controls\"><source type=\"video\/mp4\" src=\"https:\/\/formation.sesan.fr\/terr-esante\/wp-content\/uploads\/sites\/3\/2020\/12\/00-Introduction-presentation-Terr-eSante.mp4?_=1\" \/><a href=\"https:\/\/formation.sesan.fr\/terr-esante\/wp-content\/uploads\/sites\/3\/2020\/12\/00-Introduction-presentation-Terr-eSante.mp4\">https:\/\/formation.sesan.fr\/terr-esante\/wp-content\/uploads\/sites\/3\/2020\/12\/00-Introduction-presentation-Terr-eSante.mp4<\/a><\/video><\/div>\n<p>&nbsp;<\/p>\n<h2 style=\"text-align: center;\">Partie A \/ Tra\u00e7abilit\u00e9 d\u2019une demande et inclusion du patient dans la file active du DAC<\/h2>\n<p>&nbsp;<\/p>\n<h3 id=\"demande\">1\/ Cr\u00e9er une demande et la retrouver dans mon tableau de bord (menu structure d&rsquo;appui) <u> <\/u><\/h3>\n<p><span class=\"videowrapper embed-youtube-nocookie aspect_ratio_562\"><iframe title=\"Terr-eSant\u00e9 DAC Cr\u00e9er une demande et la retrouver dans mon tableau de bord - Formez-vous avec SESAN\" width=\"500\" height=\"281\" src=\"https:\/\/www.youtube-nocookie.com\/embed\/1MJCnT_i6rk?feature=oembed\" frameborder=\"0\" allow=\"accelerometer; autoplay; clipboard-write; encrypted-media; gyroscope; picture-in-picture; web-share\" referrerpolicy=\"strict-origin-when-cross-origin\" allowfullscreen><\/iframe><\/span> <!-- \/.videowrapper --><\/p>\n<p>&nbsp;<\/p>\n<h3 id=\"associer\">2\/ Associer un dossier patient \u00e0 une demande<\/h3>\n<p><span class=\"videowrapper embed-youtube-nocookie aspect_ratio_562\"><iframe title=\"Terr-eSant\u00e9 DAC - Associer un dossier patient \u00e0 une demande - Formez-vous avec SESAN\" width=\"500\" height=\"281\" src=\"https:\/\/www.youtube-nocookie.com\/embed\/CqwfNEPDqbQ?feature=oembed\" frameborder=\"0\" allow=\"accelerometer; autoplay; clipboard-write; encrypted-media; gyroscope; picture-in-picture; web-share\" referrerpolicy=\"strict-origin-when-cross-origin\" allowfullscreen><\/iframe><\/span> <!-- \/.videowrapper --><\/p>\n<h3><\/h3>\n<h3 id=\"prise-en-charge\">3\/ Indiquer que le patient est pris en charge par mon DAC<\/h3>\n<p><span class=\"videowrapper embed-youtube-nocookie aspect_ratio_562\"><iframe title=\"Terr-eSant\u00e9 DAC - Indiquer que le patient est pris en charge par mon DAC - Formez-vous avec SESAN 2\" width=\"500\" height=\"281\" src=\"https:\/\/www.youtube-nocookie.com\/embed\/eoRwMIVr8DI?feature=oembed\" frameborder=\"0\" allow=\"accelerometer; autoplay; clipboard-write; encrypted-media; gyroscope; picture-in-picture; web-share\" referrerpolicy=\"strict-origin-when-cross-origin\" allowfullscreen><\/iframe><\/span> <!-- \/.videowrapper --><\/p>\n<h3><\/h3>\n<h3 id=\"inscription\">4\/ Inscrire le patient au parcours \u00ab appui \u00e0 la prise en charge coordonn\u00e9e \u00bb<\/h3>\n<p><span class=\"videowrapper embed-youtube-nocookie aspect_ratio_562\"><iframe title=\"Terr-eSant\u00e9 DAC - Parcours: &quot;Appui \u00e0 la prise en charge coordonn\u00e9e&quot; - Formez-vous avec SESAN\" width=\"500\" height=\"281\" src=\"https:\/\/www.youtube-nocookie.com\/embed\/CemrWA6mubg?feature=oembed\" frameborder=\"0\" allow=\"accelerometer; autoplay; clipboard-write; encrypted-media; gyroscope; picture-in-picture; web-share\" referrerpolicy=\"strict-origin-when-cross-origin\" allowfullscreen><\/iframe><\/span> <!-- \/.videowrapper --><\/p>\n<h3><\/h3>\n<p>&nbsp;<\/p>\n<h2 style=\"text-align: center;\">Partie B \/ Compl\u00e9tion de l\u2019onglet PARCOURS<\/h2>\n<p>&nbsp;<\/p>\n<h3 id=\"notes\">5\/ Ajout et niveaux de confidentialit\u00e9 des notes<\/h3>\n<p><span class=\"videowrapper embed-youtube-nocookie aspect_ratio_562\"><iframe title=\"Terr-eSant\u00e9 DAC - Ajout et niveaux de confidentialit\u00e9 des notes - Formez-vous avec SESAN\" width=\"500\" height=\"281\" src=\"https:\/\/www.youtube-nocookie.com\/embed\/-XuCLMUu1u4?feature=oembed\" frameborder=\"0\" allow=\"accelerometer; autoplay; clipboard-write; encrypted-media; gyroscope; picture-in-picture; web-share\" referrerpolicy=\"strict-origin-when-cross-origin\" allowfullscreen><\/iframe><\/span> <!-- \/.videowrapper --><\/p>\n<div>\n<div>\n<p>Des <strong>niveaux de confidentialit\u00e9<\/strong> sont attribuables \u00e0 vos notes : \u00ab\u00a0personnelles\u00a0\u00bb, \u00ab\u00a0mon organisation\u00a0\u00bb, \u00ab\u00a0partag\u00e9es\u00a0\u00bb.<\/p>\n<p>Astuce : les notes partag\u00e9es sont enregistrables au format <b>\u00ab\u00a0<\/b><strong>brouillon<\/strong>\u00ab\u00a0. Elles ne sont alors visibles et modifiables que par leur auteur, qui peut \u00e0 tout moment les valider \/ partager avec le cercle de soins.<\/p>\n<p><b>Notes internes : le<\/b> <strong>niveau \u00ab\u00a0mon organisation\u00a0\u00bb<\/strong> vous permet de r\u00e9server la lecture des notes aux membres de votre organisation disposant de l&rsquo;habilitation DAC. Des options de mise en forme, recherche, tri des notes (par auteur, par date, par type, par contexte de recueil,\u2026) sont accessibles.<\/p>\n<\/div>\n<p>&nbsp;<\/p>\n<\/div>\n<h3><\/h3>\n<h3 id=\"CoC\">6\/ Le cercle de soins et ses diff\u00e9rents intervenants<\/h3>\n<p><span class=\"videowrapper embed-youtube-nocookie aspect_ratio_562\"><iframe title=\"Terr-eSant\u00e9 DAC - Le cercle de soins et ses diff\u00e9rents intervenants - Formez-vous avec SESAN\" width=\"500\" height=\"281\" src=\"https:\/\/www.youtube-nocookie.com\/embed\/hU4HfJXRHXk?feature=oembed\" frameborder=\"0\" allow=\"accelerometer; autoplay; clipboard-write; encrypted-media; gyroscope; picture-in-picture; web-share\" referrerpolicy=\"strict-origin-when-cross-origin\" allowfullscreen><\/iframe><\/span> <!-- \/.videowrapper --><\/p>\n<h3><\/h3>\n<h3 id=\"juridique\">7\/ Compl\u00e9ter les informations de protection administrative et de protection juridique<\/h3>\n<p><span class=\"videowrapper embed-youtube-nocookie aspect_ratio_562\"><iframe title=\"Terr-eSant\u00e9 DAC - Informations de protection administrative et juridique  - Formez-vous avec SESAN\" width=\"500\" height=\"281\" src=\"https:\/\/www.youtube-nocookie.com\/embed\/cNJgBLG433o?feature=oembed\" frameborder=\"0\" allow=\"accelerometer; autoplay; clipboard-write; encrypted-media; gyroscope; picture-in-picture; web-share\" referrerpolicy=\"strict-origin-when-cross-origin\" allowfullscreen><\/iframe><\/span> <!-- \/.videowrapper --><\/p>\n<h3><\/h3>\n<h3 id=\"social\">8\/ Compl\u00e9ter le formulaire de situation sociale<\/h3>\n<p><span class=\"videowrapper embed-youtube-nocookie aspect_ratio_562\"><iframe title=\"Terr-eSant\u00e9 DAC - Compl\u00e9ter le formulaire de situation sociale  - Formez-vous avec SESAN\" width=\"500\" height=\"281\" src=\"https:\/\/www.youtube-nocookie.com\/embed\/0rXcI7DUovo?feature=oembed\" frameborder=\"0\" allow=\"accelerometer; autoplay; clipboard-write; encrypted-media; gyroscope; picture-in-picture; web-share\" referrerpolicy=\"strict-origin-when-cross-origin\" allowfullscreen><\/iframe><\/span> <!-- \/.videowrapper --><\/p>\n<h3><\/h3>\n<h3 id=\"constantes\">9\/ Saisir des constantes, des pathologies, allergies et ant\u00e9c\u00e9dents dans Terr-eSant\u00e9<\/h3>\n<p><span class=\"videowrapper embed-youtube-nocookie aspect_ratio_562\"><iframe title=\"Terr-eSant\u00e9 DAC - Constantes, pathologies, allergies et ant\u00e9c\u00e9dents  - Formez-vous avec SESAN\" width=\"500\" height=\"281\" src=\"https:\/\/www.youtube-nocookie.com\/embed\/W98iZ1KGUbE?feature=oembed\" frameborder=\"0\" allow=\"accelerometer; autoplay; clipboard-write; encrypted-media; gyroscope; picture-in-picture; web-share\" referrerpolicy=\"strict-origin-when-cross-origin\" allowfullscreen><\/iframe><\/span> <!-- \/.videowrapper --><\/p>\n<h3><\/h3>\n<h3 id=\"objectifs\">10\/ Saisir les objectifs et les souhaits du patient<\/h3>\n<p><span class=\"videowrapper embed-youtube-nocookie aspect_ratio_562\"><iframe title=\"Terr-eSant\u00e9 DAC - Saisir les objectifs et les souhaits du patient - Formez-vous avec SESAN\" width=\"500\" height=\"281\" src=\"https:\/\/www.youtube-nocookie.com\/embed\/WEUGUWEjSCU?feature=oembed\" frameborder=\"0\" allow=\"accelerometer; autoplay; clipboard-write; encrypted-media; gyroscope; picture-in-picture; web-share\" referrerpolicy=\"strict-origin-when-cross-origin\" allowfullscreen><\/iframe><\/span> <!-- \/.videowrapper --><\/p>\n<h3><\/h3>\n<p>&nbsp;<\/p>\n<h2 style=\"text-align: center;\">Partie C \/ Compl\u00e9tion de l\u2019espace d\u2019\u00e9change r\u00e9serv\u00e9 au DAC et g\u00e9n\u00e9ration d\u2019un PPS<\/h2>\n<p>&nbsp;<\/p>\n<h3 id=\"recueil\">11\/ Le recueil d\u2019information : espace r\u00e9serv\u00e9 aux DAC<\/h3>\n<p><span class=\"videowrapper embed-youtube-nocookie aspect_ratio_562\"><iframe title=\"Terr-eSant\u00e9 DAC - Le recueil d\u2019information : espace r\u00e9serv\u00e9 aux DAC  - Formez-vous avec SESAN\" width=\"500\" height=\"281\" src=\"https:\/\/www.youtube-nocookie.com\/embed\/NU8xElhbhPM?feature=oembed\" frameborder=\"0\" allow=\"accelerometer; autoplay; clipboard-write; encrypted-media; gyroscope; picture-in-picture; web-share\" referrerpolicy=\"strict-origin-when-cross-origin\" allowfullscreen><\/iframe><\/span> <!-- \/.videowrapper --><\/p>\n<h3><\/h3>\n<p>&nbsp;<\/p>\n<h3 id=\"champs\">12\/ Compl\u00e9ter les champs du recueil d\u2019information<\/h3>\n<p>Avant de r\u00e9diger le PPS, il est possible de faire un \u00e9tayage de la situation via le formulaire de \u00ab recueil d\u2019information \u00bb r\u00e9serv\u00e9e \u00e0 votre organisation. Ce formulaire est visible et modifiable \u00e0 tout moment uniquement par les membres du DAC.<\/p>\n<p><b>Attention :<\/b><\/p>\n<ul>\n<li>Une fois publi\u00e9e, la synth\u00e8se du formulaire \u00ab Recueil d\u2019information \u00bb devient publique et accessible \u00e0 tout le cercle de soins depuis l\u2019onglet Documents.<\/li>\n<li>En revanche les formulaires de prises de notes et d\u2019\u00e9valuation multidimensionnelle, y compris une fois publi\u00e9s, resteront visibles uniquement par les membres du DAC.<\/li>\n<\/ul>\n<p><span class=\"videowrapper embed-youtube-nocookie aspect_ratio_562\"><iframe title=\"Terr-eSant\u00e9 DAC - Compl\u00e9ter les champs du recueil d&#039;information - Formez-vous avec SESAN\" width=\"500\" height=\"281\" src=\"https:\/\/www.youtube-nocookie.com\/embed\/p_6qDFtNOiY?feature=oembed\" frameborder=\"0\" allow=\"accelerometer; autoplay; clipboard-write; encrypted-media; gyroscope; picture-in-picture; web-share\" referrerpolicy=\"strict-origin-when-cross-origin\" allowfullscreen><\/iframe><\/span> <!-- \/.videowrapper --><\/p>\n<h3><\/h3>\n<h3 id=\"problemes\">13\/ Plan d\u2019aide &amp; plan de soins \u2013 la saisie des probl\u00e8mes<\/h3>\n<p><span class=\"videowrapper embed-youtube-nocookie aspect_ratio_562\"><iframe title=\"Terr-eSant\u00e9 DAC - Plan d\u2019aide &amp; plan de soins \u2013 la saisie des probl\u00e8mes - Formez-vous avec SESAN\" width=\"500\" height=\"281\" src=\"https:\/\/www.youtube-nocookie.com\/embed\/wsiEER17R5M?feature=oembed\" frameborder=\"0\" allow=\"accelerometer; autoplay; clipboard-write; encrypted-media; gyroscope; picture-in-picture; web-share\" referrerpolicy=\"strict-origin-when-cross-origin\" allowfullscreen><\/iframe><\/span> <!-- \/.videowrapper --><\/p>\n<h3><\/h3>\n<h3 id=\"actions\">14a\/ Plan d\u2019aide &amp; plan de soins \u2013 la saisie des actions<\/h3>\n<p><span class=\"videowrapper embed-youtube-nocookie aspect_ratio_562\"><iframe title=\"Terr-eSant\u00e9 DAC - Plan d\u2019aide &amp; plan de soins \u2013 la saisie des actions - Formez-vous avec SESAN\" width=\"500\" height=\"281\" src=\"https:\/\/www.youtube-nocookie.com\/embed\/CoudXtfGRDo?feature=oembed\" frameborder=\"0\" allow=\"accelerometer; autoplay; clipboard-write; encrypted-media; gyroscope; picture-in-picture; web-share\" referrerpolicy=\"strict-origin-when-cross-origin\" allowfullscreen><\/iframe><\/span> <!-- \/.videowrapper --><\/p>\n<h3><\/h3>\n<h3 id=\"lier\">14b\/ Plan d\u2019aide &amp; plan de soins \u2013 lier probl\u00e8mes &amp; actions<\/h3>\n<p><span class=\"videowrapper embed-youtube-nocookie aspect_ratio_562\"><iframe title=\"Terr-eSant\u00e9 DAC - Plan d\u2019aide &amp; plan de soins \u2013 lier probl\u00e8mes et actions - Formez-vous avec SESAN\" width=\"500\" height=\"281\" src=\"https:\/\/www.youtube-nocookie.com\/embed\/ifHiOdCxta0?feature=oembed\" frameborder=\"0\" allow=\"accelerometer; autoplay; clipboard-write; encrypted-media; gyroscope; picture-in-picture; web-share\" referrerpolicy=\"strict-origin-when-cross-origin\" allowfullscreen><\/iframe><\/span> <!-- \/.videowrapper --><\/p>\n<h3><\/h3>\n<h3 id=\"publication\">14c\/ Publier le Plan Personnalis\u00e9 de Sant\u00e9<\/h3>\n<p><span class=\"videowrapper embed-youtube-nocookie aspect_ratio_562\"><iframe title=\"Terr-eSant\u00e9 DAC - Publier le Plan personnalis\u00e9 de sant\u00e9 dans Terr-eSant\u00e9 - Formez-vous avec SESAN\" width=\"500\" height=\"281\" src=\"https:\/\/www.youtube-nocookie.com\/embed\/NovtlSo56M0?feature=oembed\" frameborder=\"0\" allow=\"accelerometer; autoplay; clipboard-write; encrypted-media; gyroscope; picture-in-picture; web-share\" referrerpolicy=\"strict-origin-when-cross-origin\" allowfullscreen><\/iframe><\/span> <!-- \/.videowrapper --><\/p>\n<h3><\/h3>\n<p>&nbsp;<\/p>\n<h2 id=\"doc-DAC\" style=\"text-align: center;\">Autre ressource de formation :<\/h2>\n<p>Retrouvez des <a href=\"https:\/\/formation.sesan.fr\/terr-esante\/cat_exercices\/dac\/\" target=\"_blank\" rel=\"noopener\">tutoriels d\u00e9di\u00e9s aux dispositifs d&rsquo;appui \u00e0 la coordination par ici<\/a>, tels que :<\/p>\n<ul>\n<li><a href=\"https:\/\/formation.sesan.fr\/terr-esante\/exercices\/retrouver-imprimer-telecharger-un-pps-depuis-terr-esante\/\" target=\"_blank\" rel=\"noopener\">Retrouver, imprimer, t\u00e9l\u00e9charger un PPS depuis Terr-eSant\u00e9<\/a><\/li>\n<li><a href=\"https:\/\/formation.sesan.fr\/terr-esante\/exercices\/dac-gestion-des-demandes\/\" target=\"_blank\" rel=\"noopener\">Gestion des demandes<\/a><\/li>\n<\/ul>\n<p>&nbsp;<\/p>\n<p>Merci d&rsquo;avoir suivi ce cycle de formation. Pour rappel pour toute interrogation n&rsquo;h\u00e9sitez pas \u00e0 consulter notre <a href=\"https:\/\/formation.sesan.fr\/terr-esante\/faq\/\">FAQ<\/a> ou \u00e0 prendre contact avec notre <a href=\"https:\/\/formation.sesan.fr\/terr-esante\/#contact\">service support<\/a>.<\/p>\n","protected":false},"excerpt":{"rendered":"<p>Sommaire : Pr\u00e9sentation de la plateforme r\u00e9gionale de coordination Terr-eSant\u00e9 Ce lien vous conduira vers le module d\u00e9couverte qui vous pr\u00e9sentera la Solution Terr-eSant\u00e9 et vous permettra de la prendre [&hellip;]<\/p>\n","protected":false},"author":112,"featured_media":0,"parent":0,"menu_order":0,"comment_status":"closed","ping_status":"closed","template":"","meta":{"_acf_changed":false,"footnotes":""},"class_list":["post-2596","page","type-page","status-publish","hentry"],"acf":[],"publishpress_future_action":{"enabled":false,"date":"2026-05-06 17:55:07","action":"change-status","newStatus":"draft","terms":[],"taxonomy":""},"publishpress_future_workflow_manual_trigger":{"enabledWorkflows":[]},"_links":{"self":[{"href":"https:\/\/formation.sesan.fr\/terr-esante\/wp-json\/wp\/v2\/pages\/2596","targetHints":{"allow":["GET"]}}],"collection":[{"href":"https:\/\/formation.sesan.fr\/terr-esante\/wp-json\/wp\/v2\/pages"}],"about":[{"href":"https:\/\/formation.sesan.fr\/terr-esante\/wp-json\/wp\/v2\/types\/page"}],"author":[{"embeddable":true,"href":"https:\/\/formation.sesan.fr\/terr-esante\/wp-json\/wp\/v2\/users\/112"}],"replies":[{"embeddable":true,"href":"https:\/\/formation.sesan.fr\/terr-esante\/wp-json\/wp\/v2\/comments?post=2596"}],"version-history":[{"count":3,"href":"https:\/\/formation.sesan.fr\/terr-esante\/wp-json\/wp\/v2\/pages\/2596\/revisions"}],"predecessor-version":[{"id":3708,"href":"https:\/\/formation.sesan.fr\/terr-esante\/wp-json\/wp\/v2\/pages\/2596\/revisions\/3708"}],"wp:attachment":[{"href":"https:\/\/formation.sesan.fr\/terr-esante\/wp-json\/wp\/v2\/media?parent=2596"}],"curies":[{"name":"wp","href":"https:\/\/api.w.org\/{rel}","templated":true}]}}